{"id":1289,"date":"2021-10-29T07:33:54","date_gmt":"2021-10-29T07:33:54","guid":{"rendered":"https:\/\/transparencia.bizkeliza.org\/2020ko-jarduera-txostena\/"},"modified":"2022-04-28T09:44:59","modified_gmt":"2022-04-28T09:44:59","slug":"2020ko-jarduera-txostena","status":"publish","type":"page","link":"https:\/\/transparencia.bizkeliza.org\/eu\/2020ko-jarduera-txostena\/","title":{"rendered":"2020ko Jarduera Txostena"},"content":{"rendered":"<p>[et_pb_section fb_built=&#8221;1&#8243; _builder_version=&#8221;4.6.1&#8243; background_color=&#8221;rgba(0,0,0,0)&#8221; background_enable_image=&#8221;off&#8221;][et_pb_row _builder_version=&#8221;4.6.1&#8243; _module_preset=&#8221;default&#8221;][et_pb_column type=&#8221;4_4&#8243; _builder_version=&#8221;4.6.1&#8243; _module_preset=&#8221;default&#8221;][et_pb_text _builder_version=&#8221;4.6.1&#8243; _module_preset=&#8221;default&#8221; custom_padding=&#8221;0px|||||&#8221;]<\/p>\n<h1><strong>2020ko Jarduera Txostena<\/strong><\/h1>\n<p>[\/et_pb_text][\/et_pb_column][\/et_pb_row][et_pb_row column_structure=&#8221;2_3,1_3&#8243; use_custom_gutter=&#8221;on&#8221; gutter_width=&#8221;2&#8243; make_equal=&#8221;on&#8221; _builder_version=&#8221;4.6.1&#8243; _module_preset=&#8221;default&#8221; max_width=&#8221;1200px&#8221;][et_pb_column type=&#8221;2_3&#8243; _builder_version=&#8221;4.6.1&#8243; _module_preset=&#8221;default&#8221;][et_pb_text _builder_version=&#8221;4.6.1&#8243; _module_preset=&#8221;default&#8221; text_font=&#8221;Verdana|600|||||||&#8221; text_font_size=&#8221;22px&#8221;]<\/p>\n<p>Jarduera ekonomikoa<\/p>\n<p>[\/et_pb_text][et_pb_text _builder_version=&#8221;4.6.1&#8243; _module_preset=&#8221;default&#8221; min_height=&#8221;371px&#8221;]<\/p>\n<div class=\"visualizer-front-container\" id=\"chart_wrapper_visualizer-1220-2027517268\"><style type=\"text\/css\" name=\"visualizer-custom-css\" id=\"customcss-visualizer-1220\">.locker,.locker-loader{position:absolute;top:0;left:0;width:100%;height:100%}.locker{z-index:1000;opacity:.8;background-color:#fff;-ms-filter:\"progid:DXImageTransform.Microsoft.Alpha(Opacity=80)\";filter:alpha(opacity=80)}.locker-loader{z-index:1001;background:url(https:\/\/transparencia.bizkeliza.org\/wp-content\/plugins\/visualizer\/images\/ajax-loader.gif) no-repeat center center}.dt-button{display:none!important}.visualizer-front-container.visualizer-lazy-render{content-visibility: auto;}.google-visualization-controls-categoryfilter label.google-visualization-controls-label {vertical-align: middle;}.google-visualization-controls-categoryfilter li.goog-inline-block {margin: 0 0.2em;}.google-visualization-controls-categoryfilter li {padding: 0 0.2em;}.visualizer-front-container .dataTables_scrollHeadInner{margin: 0 auto;}<\/style><div id=\"visualizer-1220-2027517268\" class=\"visualizer-front  visualizer-front-1220\"><\/div><!-- Not showing structured data for chart 1220 because description is empty --><\/div>\n<p>[\/et_pb_text][et_pb_text _builder_version=&#8221;4.6.1&#8243; _module_preset=&#8221;default&#8221;]<\/p>\n<div class=\"visualizer-front-container\" id=\"chart_wrapper_visualizer-1230-99372500\"><style type=\"text\/css\" name=\"visualizer-custom-css\" id=\"customcss-visualizer-1230\">.locker,.locker-loader{position:absolute;top:0;left:0;width:100%;height:100%}.locker{z-index:1000;opacity:.8;background-color:#fff;-ms-filter:\"progid:DXImageTransform.Microsoft.Alpha(Opacity=80)\";filter:alpha(opacity=80)}.locker-loader{z-index:1001;background:url(https:\/\/transparencia.bizkeliza.org\/wp-content\/plugins\/visualizer\/images\/ajax-loader.gif) no-repeat center center}.dt-button{display:none!important}.visualizer-front-container.visualizer-lazy-render{content-visibility: auto;}.google-visualization-controls-categoryfilter label.google-visualization-controls-label {vertical-align: middle;}.google-visualization-controls-categoryfilter li.goog-inline-block {margin: 0 0.2em;}.google-visualization-controls-categoryfilter li {padding: 0 0.2em;}.visualizer-front-container .dataTables_scrollHeadInner{margin: 0 auto;}<\/style><div id=\"visualizer-1230-99372500\" class=\"visualizer-front  visualizer-front-1230\"><\/div><!-- Not showing structured data for chart 1230 because description is empty --><\/div>\n<p>[\/et_pb_text][\/et_pb_column][et_pb_column type=&#8221;1_3&#8243; _builder_version=&#8221;4.6.1&#8243; _module_preset=&#8221;default&#8221;][et_pb_text _builder_version=&#8221;4.6.1&#8243; _module_preset=&#8221;default&#8221; text_font=&#8221;Verdana|600|||||||&#8221; text_font_size=&#8221;22px&#8221;]Eleizea etxe zabala da[\/et_pb_text][et_pb_text _builder_version=&#8221;4.6.1&#8243; _module_preset=&#8221;default&#8221; text_font=&#8221;Verdana|600|||||||&#8221;]Nuestra familia es abierta y por eso cuida la acogida de los que se acercan buscando calor de hogar. Contigo y con muchos otros queremos cuidar la relaci\u00f3n mutua, la escucha, el esp\u00edritu de comuni\u00f3n, que no es solo mera tolerancia o respeto. Queremos multiplicar con creatividad gestos concretos que ayuden a construir fraternidad, esp\u00edritu de familia, tanto dentro como fuera, en medio del mundo\u201d.<br \/>\nDel mensaje de Mons. Segura para el 7 de noviembre (D\u00eda de la Iglesia Diocesana 2021)[\/et_pb_text][et_pb_text _builder_version=&#8221;4.6.1&#8243; _module_preset=&#8221;default&#8221; text_font=&#8221;Adamina|800|||||||&#8221; text_text_color=&#8221;#ffffff&#8221; text_font_size=&#8221;17px&#8221; background_color=&#8221;#e09900&#8243; text_orientation=&#8221;center&#8221;]<\/p>\n<p><em>Compartiendo<\/em><\/p>\n<p>Los pobres no son personas \u201cexternas\u201d a la comunidad, sino hermanos y hermanas con los cuales compartir el sufrimiento para aliviar su malestar y marginaci\u00f3n, para devolverles la dignidad perdida y asegurarles la necesaria inclusi\u00f3n social.\u00a0<\/p>\n<p>[\/et_pb_text][et_pb_text _builder_version=&#8221;4.6.1&#8243; _module_preset=&#8221;default&#8221; text_font=&#8221;Verdana|700|||||||&#8221; text_text_color=&#8221;#ffffff&#8221; background_color=&#8221;#4a9118&#8243; text_orientation=&#8221;center&#8221;]<\/p>\n<p><em>Respondiendo<\/em><\/p>\n<p>Es urgente dar respuestas concretas a quienes padecen el desempleo, que golpea dram\u00e1ticamente a muchos padres de familia, mujeres y j\u00f3venes.\u00a0 (Papa Francisco)<\/p>\n<p>[\/et_pb_text][et_pb_text _builder_version=&#8221;4.6.1&#8243; _module_preset=&#8221;default&#8221; text_font=&#8221;Verdana|700|||||||&#8221; text_text_color=&#8221;#ffffff&#8221; background_color=&#8221;#88c4dd&#8221; text_orientation=&#8221;center&#8221;]<\/p>\n<p><em>Actuando<\/em><\/p>\n<p>No podemos esperar a que llamen a nuestra puerta, es urgente que vayamos nosotros a encontrarlos en sus casas, en los hospitales y en las residencias asistenciales, en las calles y en los rincones oscuros donde a veces se esconden, en los centros de refugio y acogida&#8230;<\/p>\n<p>(Del mensaje del Papa Francisco en la V JMP)<\/p>\n<p>[\/et_pb_text][et_pb_text _builder_version=&#8221;4.6.1&#8243; _module_preset=&#8221;default&#8221;]<\/p>\n<h2 style=\"text-align: center;\"><strong>#1gara #Creamoscomunidadacogedora<\/strong><\/h2>\n<p>[\/et_pb_text][\/et_pb_column][\/et_pb_row][et_pb_row _builder_version=&#8221;4.6.1&#8243; _module_preset=&#8221;default&#8221;][et_pb_column type=&#8221;4_4&#8243; _builder_version=&#8221;4.6.1&#8243; _module_preset=&#8221;default&#8221;][et_pb_text _builder_version=&#8221;4.6.1&#8243; _module_preset=&#8221;default&#8221; custom_margin=&#8221;-26px||-63px|||&#8221;]<\/p>\n<h2 style=\"text-align: center;\"><strong>Bat gara. \u00bfC\u00f3mo crear una comunidad acogedora en la Iglesia de Bizkaia?  <\/strong><\/h2>\n<p style=\"text-align: center;\"><strong>Memoria de actividades 2020<\/strong><\/p>\n<p>[\/et_pb_text][\/et_pb_column][\/et_pb_row][et_pb_row _builder_version=&#8221;4.6.1&#8243; _module_preset=&#8221;default&#8221; custom_padding=&#8221;27px||0px|||&#8221;][et_pb_column type=&#8221;4_4&#8243; _builder_version=&#8221;4.6.1&#8243; _module_preset=&#8221;default&#8221;][et_pb_text _builder_version=&#8221;4.6.1&#8243; _module_preset=&#8221;default&#8221; text_font=&#8221;Verdana|800||||on|||&#8221; text_font_size=&#8221;20px&#8221; custom_padding=&#8221;||16px|||&#8221;]<\/p>\n<p>Ospatzen<\/p>\n<p>[\/et_pb_text][\/et_pb_column][\/et_pb_row][et_pb_row column_structure=&#8221;1_2,1_2&#8243; _builder_version=&#8221;4.6.1&#8243; _module_preset=&#8221;default&#8221; background_color=&#8221;#e0c384&#8243; custom_margin=&#8221;-9px|auto||auto||&#8221; custom_padding=&#8221;||0px|||&#8221;][et_pb_column type=&#8221;1_2&#8243; _builder_version=&#8221;4.6.1&#8243; _module_preset=&#8221;default&#8221;][et_pb_text ul_position=&#8221;inside&#8221; _builder_version=&#8221;4.6.1&#8243; _module_preset=&#8221;default&#8221; ul_font=&#8221;||||||||&#8221; ul_text_align=&#8221;left&#8221; ul_text_color=&#8221;#000000&#8243; custom_margin=&#8221;|||15px|false|false&#8221;]<\/p>\n<ul>\n<li><strong>292 parroquias<\/strong><\/li>\n<li><strong>1.166 bautizos<\/strong><\/li>\n<li><strong>336 Confirmaciones<\/strong><\/li>\n<li><strong>122 matrimonios<\/strong><\/li>\n<li><strong>16 centros pastorales<\/strong><\/li>\n<li><strong>122 matrimonios<\/strong><\/li>\n<li><strong>6.891 ni\u00f1os y ni\u00f1as en catequesis<\/strong><\/li>\n<li><strong>271 sacerdotes, religiosos y di\u00e1conos en parroquias.<\/strong><\/li>\n<li><strong>9 di\u00e1conos permanentes<\/strong><\/li>\n<li><strong>12 seminaristas<\/strong><\/li>\n<\/ul>\n<p>[\/et_pb_text][\/et_pb_column][et_pb_column type=&#8221;1_2&#8243; _builder_version=&#8221;4.6.1&#8243; _module_preset=&#8221;default&#8221;][et_pb_text ul_position=&#8221;inside&#8221; _builder_version=&#8221;4.6.1&#8243; _module_preset=&#8221;default&#8221; ul_font=&#8221;||||||||&#8221; ul_text_align=&#8221;left&#8221; ul_text_color=&#8221;#000000&#8243;]<\/p>\n<h5><strong>Religiosos y Religiosas<\/strong><\/h5>\n<ul>\n<li><strong>1.031 religiosas y religiosos<\/strong><\/li>\n<\/ul>\n<p>[\/et_pb_text][et_pb_text ul_position=&#8221;inside&#8221; _builder_version=&#8221;4.6.1&#8243; _module_preset=&#8221;default&#8221; ul_font=&#8221;||||||||&#8221; ul_text_align=&#8221;left&#8221; ul_text_color=&#8221;#000000&#8243;]<\/p>\n<h5><strong>Monjas y monjes de clausura<\/strong><\/h5>\n<ul>\n<li><strong>12\u00a0 monasterios femeninos<\/strong><\/li>\n<li><strong>123 monjas<\/strong><\/li>\n<li><strong>1 monasterio masculino<\/strong><\/li>\n<li><strong>7 monjes<\/strong><\/li>\n<\/ul>\n<p>[\/et_pb_text][\/et_pb_column][\/et_pb_row][et_pb_row _builder_version=&#8221;4.6.1&#8243; _module_preset=&#8221;default&#8221; custom_padding=&#8221;||22px|||&#8221;][et_pb_column type=&#8221;4_4&#8243; _builder_version=&#8221;4.6.1&#8243; _module_preset=&#8221;default&#8221;][et_pb_text _builder_version=&#8221;4.6.1&#8243; _module_preset=&#8221;default&#8221; text_font=&#8221;Verdana|800||||on|||&#8221; text_font_size=&#8221;20px&#8221;]<\/p>\n<p><strong>Laguntzen\u00a0 \u00a0<\/strong><\/p>\n<p>[\/et_pb_text][\/et_pb_column][\/et_pb_row][et_pb_row column_structure=&#8221;1_4,1_4,1_4,1_4&#8243; _builder_version=&#8221;4.6.1&#8243; _module_preset=&#8221;default&#8221; background_color=&#8221;#b2d88f&#8221; min_height=&#8221;132px&#8221; custom_margin=&#8221;-16px|auto||auto||&#8221; custom_padding=&#8221;7px||27px|||&#8221;][et_pb_column type=&#8221;1_4&#8243; _builder_version=&#8221;4.6.1&#8243; _module_preset=&#8221;default&#8221;][et_pb_text ul_position=&#8221;inside&#8221; _builder_version=&#8221;4.6.1&#8243; _module_preset=&#8221;default&#8221; ul_font=&#8221;||||||||&#8221; ul_text_align=&#8221;left&#8221; ul_text_color=&#8221;#000000&#8243; custom_margin=&#8221;|||15px|false|false&#8221;]<\/p>\n<h5 style=\"text-align: left;\"><strong>Pastoral de la Salud \u00a0<\/strong><\/h5>\n<ul>\n<li><strong>Acompa\u00f1ando a 4.000 personas<\/strong><\/li>\n<li><strong>en 6 hospitales<\/strong><\/li>\n<li><strong>60 equipos en Bizkaia<\/strong><\/li>\n<li><strong>con 41 personas voluntarias<\/strong><\/li>\n<\/ul>\n<p>[\/et_pb_text][\/et_pb_column][et_pb_column type=&#8221;1_4&#8243; _builder_version=&#8221;4.6.1&#8243; _module_preset=&#8221;default&#8221;][et_pb_text ul_position=&#8221;inside&#8221; _builder_version=&#8221;4.6.1&#8243; _module_preset=&#8221;default&#8221; ul_font=&#8221;||||||||&#8221; ul_text_align=&#8221;left&#8221; ul_text_color=&#8221;#000000&#8243;]<\/p>\n<h5 style=\"text-align: left;\">\u00a0<strong>Pastoral Penitenciaria <\/strong><\/h5>\n<ul>\n<li><strong>Acompa\u00f1ando a 1.300 personas en prisi\u00f3n<\/strong><\/li>\n<li><strong>con 10 equipos<\/strong><\/li>\n<\/ul>\n<p>[\/et_pb_text][\/et_pb_column][et_pb_column type=&#8221;1_4&#8243; _builder_version=&#8221;4.6.1&#8243; _module_preset=&#8221;default&#8221;][et_pb_text ul_position=&#8221;inside&#8221; _builder_version=&#8221;4.6.1&#8243; _module_preset=&#8221;default&#8221; ul_font=&#8221;||||||||&#8221; ul_text_align=&#8221;left&#8221; ul_text_color=&#8221;#000000&#8243; custom_padding=&#8221;|||0px||&#8221;]<\/p>\n<h5 style=\"text-align: left;\"><strong>Pastoral Obrera<\/strong><\/h5>\n<ul>\n<li><strong>425 parte hartzaile<\/strong><\/li>\n<li><strong>Mobimentu apostolikoen taldeakaz batera<\/strong><\/li>\n<\/ul>\n<p>[\/et_pb_text][\/et_pb_column][et_pb_column type=&#8221;1_4&#8243; _builder_version=&#8221;4.6.1&#8243; _module_preset=&#8221;default&#8221;][et_pb_text ul_position=&#8221;inside&#8221; _builder_version=&#8221;4.6.1&#8243; _module_preset=&#8221;default&#8221; ul_font=&#8221;||||||||&#8221; ul_text_align=&#8221;left&#8221; ul_text_color=&#8221;#000000&#8243;]<\/p>\n<h5 style=\"text-align: left;\"><strong>Migraciones<\/strong><\/h5>\n<ul>\n<li><strong>3.500 pertsonengana heltzen<\/strong><\/li>\n<li><strong>190 ekintza burutuz<\/strong><\/li>\n<\/ul>\n<p>[\/et_pb_text][\/et_pb_column][\/et_pb_row][et_pb_row column_structure=&#8221;1_4,1_4,1_4,1_4&#8243; _builder_version=&#8221;4.6.1&#8243; _module_preset=&#8221;default&#8221; background_color=&#8221;#b2d88f&#8221; custom_margin=&#8221;-47px|auto||auto||&#8221; custom_padding=&#8221;23px|||||&#8221;][et_pb_column type=&#8221;1_4&#8243; _builder_version=&#8221;4.6.1&#8243; _module_preset=&#8221;default&#8221;][et_pb_text ul_position=&#8221;inside&#8221; _builder_version=&#8221;4.6.1&#8243; _module_preset=&#8221;default&#8221; ul_font=&#8221;||||||||&#8221; ul_text_align=&#8221;left&#8221; ul_text_color=&#8221;#000000&#8243; custom_margin=&#8221;|||15px|false|false&#8221;]<\/p>\n<h5 style=\"text-align: left;\"><strong>Tribunal Eclesi\u00e1stico<\/strong><\/h5>\n<ul>\n<li><strong>Acompa\u00f1ando 13 causas de nulidad matrimonial<\/strong><\/li>\n<\/ul>\n<p>[\/et_pb_text][\/et_pb_column][et_pb_column type=&#8221;1_4&#8243; _builder_version=&#8221;4.6.1&#8243; _module_preset=&#8221;default&#8221;][et_pb_text ul_position=&#8221;inside&#8221; _builder_version=&#8221;4.6.1&#8243; _module_preset=&#8221;default&#8221; ul_font=&#8221;||||||||&#8221; ul_text_align=&#8221;left&#8221; ul_text_color=&#8221;#000000&#8243;]<\/p>\n<h5 style=\"text-align: left;\"><strong>Discapacidades<\/strong><\/h5>\n<ul>\n<li><strong>Acompa\u00f1ando a 300 personas<\/strong><\/li>\n<li><strong>con 4 equipos<\/strong><\/li>\n<\/ul>\n<p>[\/et_pb_text][\/et_pb_column][et_pb_column type=&#8221;1_4&#8243; _builder_version=&#8221;4.6.1&#8243; _module_preset=&#8221;default&#8221;][et_pb_text ul_position=&#8221;inside&#8221; _builder_version=&#8221;4.6.1&#8243; _module_preset=&#8221;default&#8221; ul_font=&#8221;||||||||&#8221; ul_text_align=&#8221;left&#8221; ul_text_color=&#8221;#000000&#8243;]<\/p>\n<h5 style=\"text-align: left;\"><strong>Bakea<\/strong><\/h5>\n<ul>\n<li><strong>300 pertsonengana hltzen<\/strong><\/li>\n<li><strong>10 talderen laguntzaz<\/strong><\/li>\n<\/ul>\n<p>[\/et_pb_text][\/et_pb_column][et_pb_column type=&#8221;1_4&#8243; _builder_version=&#8221;4.6.1&#8243; _module_preset=&#8221;default&#8221;][\/et_pb_column][\/et_pb_row][et_pb_row _builder_version=&#8221;4.6.1&#8243; _module_preset=&#8221;default&#8221; background_enable_color=&#8221;off&#8221;][et_pb_column type=&#8221;4_4&#8243; _builder_version=&#8221;4.6.1&#8243; _module_preset=&#8221;default&#8221;][et_pb_text _builder_version=&#8221;4.6.1&#8243; _module_preset=&#8221;default&#8221; text_font=&#8221;Verdana|800||||on|||&#8221; text_font_size=&#8221;20px&#8221;]<\/p>\n<p><strong>Mundutik Ebanjelizatzen<\/strong><\/p>\n<p>[\/et_pb_text][\/et_pb_column][\/et_pb_row][et_pb_row column_structure=&#8221;1_2,1_2&#8243; _builder_version=&#8221;4.6.1&#8243; _module_preset=&#8221;default&#8221; background_color=&#8221;#0ec5ea&#8221; min_height=&#8221;215px&#8221; custom_margin=&#8221;-19px|auto||auto||&#8221;][et_pb_column type=&#8221;1_2&#8243; _builder_version=&#8221;4.6.1&#8243; _module_preset=&#8221;default&#8221;][et_pb_text ul_position=&#8221;inside&#8221; _builder_version=&#8221;4.6.1&#8243; _module_preset=&#8221;default&#8221; ul_font=&#8221;||||||||&#8221; ul_text_align=&#8221;left&#8221; ul_text_color=&#8221;#000000&#8243; custom_margin=&#8221;|||15px|false|false&#8221;]<\/p>\n<h5><strong>Misioneros y Misioneras<\/strong><\/h5>\n<ul>\n<li><strong>223 misiolari eta proiektuak Ekuadorren, Kongon, Togon&#8230;\u00a0<\/strong><\/li>\n<li><strong>destinando el 1% del presupuesto para ayuda al desarrollo en 20 proyectos en el mundo<\/strong><\/li>\n<\/ul>\n<p>[\/et_pb_text][\/et_pb_column][et_pb_column type=&#8221;1_2&#8243; _builder_version=&#8221;4.6.1&#8243; _module_preset=&#8221;default&#8221;][et_pb_text ul_position=&#8221;inside&#8221; _builder_version=&#8221;4.6.1&#8243; _module_preset=&#8221;default&#8221; ul_font=&#8221;||||||||&#8221; ul_text_align=&#8221;left&#8221; ul_text_color=&#8221;#000000&#8243;]<\/p>\n<h5><strong>Manos Unidas\u00a0 <\/strong><\/h5>\n<ul>\n<li><span style=\"color: #000000;\"><strong>Proiektuak Perun, Mauritanian, Ugandan, Mexikon, Kenian, Txaden, Haitin eta Malin<\/strong><\/span><\/li>\n<\/ul>\n<p>[\/et_pb_text][\/et_pb_column][\/et_pb_row][et_pb_row _builder_version=&#8221;4.6.1&#8243; _module_preset=&#8221;default&#8221;][et_pb_column type=&#8221;4_4&#8243; _builder_version=&#8221;4.6.1&#8243; _module_preset=&#8221;default&#8221;][et_pb_text _builder_version=&#8221;4.6.1&#8243; _module_preset=&#8221;default&#8221; text_font=&#8221;Verdana|800||||on|||&#8221; text_font_size=&#8221;20px&#8221;]<\/p>\n<p><strong>Hezitzen<\/strong><\/p>\n<p>[\/et_pb_text][\/et_pb_column][\/et_pb_row][et_pb_row column_structure=&#8221;1_3,1_3,1_3&#8243; _builder_version=&#8221;4.6.1&#8243; _module_preset=&#8221;default&#8221; background_color=&#8221;#ceb0e8&#8243; custom_margin=&#8221;-24px|auto||auto||&#8221;][et_pb_column type=&#8221;1_3&#8243; _builder_version=&#8221;4.6.1&#8243; _module_preset=&#8221;default&#8221;][et_pb_text ul_position=&#8221;inside&#8221; _builder_version=&#8221;4.6.1&#8243; _module_preset=&#8221;default&#8221; ul_font=&#8221;||||||||&#8221; ul_text_align=&#8221;left&#8221; ul_text_color=&#8221;#000000&#8243; custom_margin=&#8221;|||15px|false|false&#8221;]<\/p>\n<ul>\n<li><strong>739 ikasle BAMen (MAgisteritza Eskola)<\/strong><\/li>\n<li><strong>16 Elizbarrutiko ikastetxe (EBI)<\/strong>\n<ul>\n<li><strong>1000 langile gora<\/strong><\/li>\n<li><strong>11.069 ikasle<\/strong><\/li>\n<\/ul>\n<\/li>\n<\/ul>\n<p>[\/et_pb_text][\/et_pb_column][et_pb_column type=&#8221;1_3&#8243; _builder_version=&#8221;4.6.1&#8243; _module_preset=&#8221;default&#8221;][et_pb_text ul_position=&#8221;inside&#8221; _builder_version=&#8221;4.6.1&#8243; _module_preset=&#8221;default&#8221; ul_font=&#8221;||||||||&#8221; ul_text_align=&#8221;left&#8221; ul_text_color=&#8221;#000000&#8243;]<\/p>\n<h5><strong style=\"font-size: 14px;\">Gazteak<\/strong><\/h5>\n<ul>\n<li><strong>2095 neska-mutil eskaut taldeetan<\/strong><\/li>\n<li><strong><\/strong><strong>352 begiralegaz<\/strong><\/li>\n<li><strong><\/strong><strong>877 gazte Kristau Sarbidean<\/strong><\/li>\n<li><strong><\/strong><strong>190 begiralegaz<\/strong><\/li>\n<li><strong><\/strong><strong>470 j\u00f3venes en grupos de referencia<\/strong><\/li>\n<\/ul>\n<p>[\/et_pb_text][\/et_pb_column][et_pb_column type=&#8221;1_3&#8243; _builder_version=&#8221;4.6.1&#8243; _module_preset=&#8221;default&#8221;][et_pb_text ul_position=&#8221;inside&#8221; _builder_version=&#8221;4.6.1&#8243; _module_preset=&#8221;default&#8221; ul_font=&#8221;||||||||&#8221; ul_text_align=&#8221;left&#8221; ul_text_color=&#8221;#000000&#8243;]<\/p>\n<h5><strong style=\"font-size: 14px;\">Teologia eta Pastoraltzako Institutua (IDTP)<\/strong><\/h5>\n<ul>\n<li><span style=\"color: #000000;\"><strong>887 lagunen parte hartzea<\/strong><\/span><\/li>\n<li><span style=\"color: #000000;\"><strong>47 taldetan<\/strong><\/span><\/li>\n<\/ul>\n<p>[\/et_pb_text][\/et_pb_column][\/et_pb_row][et_pb_row _builder_version=&#8221;4.6.1&#8243; _module_preset=&#8221;default&#8221;][et_pb_column type=&#8221;4_4&#8243; _builder_version=&#8221;4.6.1&#8243; _module_preset=&#8221;default&#8221;][et_pb_text _builder_version=&#8221;4.6.1&#8243; _module_preset=&#8221;default&#8221; text_font=&#8221;Verdana|800||||on|||&#8221; text_font_size=&#8221;20px&#8221;]<\/p>\n<p><strong>Gordetzen eta zabaltzen<\/strong><\/p>\n<p>[\/et_pb_text][\/et_pb_column][\/et_pb_row][et_pb_row column_structure=&#8221;3_5,2_5&#8243; _builder_version=&#8221;4.6.1&#8243; _module_preset=&#8221;default&#8221; background_color=&#8221;rgba(224,85,205,0.67)&#8221; custom_margin=&#8221;-21px|auto||auto||&#8221;][et_pb_column type=&#8221;3_5&#8243; _builder_version=&#8221;4.6.1&#8243; _module_preset=&#8221;default&#8221;][et_pb_text ul_position=&#8221;inside&#8221; _builder_version=&#8221;4.6.1&#8243; _module_preset=&#8221;default&#8221; ul_font=&#8221;||||||||&#8221; ul_text_align=&#8221;left&#8221; ul_text_color=&#8221;#000000&#8243; custom_margin=&#8221;|||15px|false|false&#8221;]<\/p>\n<h5 style=\"text-align: left;\"><strong>Eleiz Museoa, Bizkaiko Artxibo Historikoa, \u00cdcaro, Labayru Fundazioa, Jakinbide Liburudenda, Bizkaia Irratia, Herri Irratia, Komunikabideen Ordezkaritza<\/strong><\/h5>\n<ul>\n<li style=\"text-align: left;\"><strong>Kultura eta informazinoa 254.000 lagunengana <\/strong><\/li>\n<\/ul>\n<p>[\/et_pb_text][\/et_pb_column][et_pb_column type=&#8221;2_5&#8243; _builder_version=&#8221;4.6.1&#8243; _module_preset=&#8221;default&#8221;][et_pb_text ul_position=&#8221;inside&#8221; _builder_version=&#8221;4.6.1&#8243; _module_preset=&#8221;default&#8221; ul_font=&#8221;||||||||&#8221; ul_text_align=&#8221;left&#8221; ul_text_color=&#8221;#000000&#8243;]<\/p>\n<h5><strong>Ondarea<\/strong><\/h5>\n<ul>\n<li><span style=\"color: #000000;\"><strong>246 eleiz historiko<\/strong><\/span><\/li>\n<li><span style=\"color: #000000;\"><strong>1.363 erretaulu<\/strong><\/span><\/li>\n<li><span style=\"color: #000000;\"><strong>440 ermita<\/strong><\/span><\/li>\n<li><span style=\"color: #000000;\"><strong>115 organo<\/strong><\/span><\/li>\n<\/ul>\n<p>[\/et_pb_text][\/et_pb_column][\/et_pb_row][et_pb_row _builder_version=&#8221;4.6.1&#8243; _module_preset=&#8221;default&#8221;][et_pb_column type=&#8221;4_4&#8243; _builder_version=&#8221;4.6.1&#8243; _module_preset=&#8221;default&#8221;][et_pb_text _builder_version=&#8221;4.6.1&#8243; _module_preset=&#8221;default&#8221; text_font=&#8221;Verdana|800||||on|||&#8221; text_font_size=&#8221;20px&#8221;]<\/p>\n<p><strong>Eskua luzatzen <\/strong><\/p>\n<p>[\/et_pb_text][\/et_pb_column][\/et_pb_row][et_pb_row column_structure=&#8221;1_4,1_4,1_4,1_4&#8243; _builder_version=&#8221;4.6.1&#8243; _module_preset=&#8221;default&#8221; background_color=&#8221;#a3af1a&#8221; custom_margin=&#8221;-18px|auto||auto||&#8221;][et_pb_column type=&#8221;1_4&#8243; _builder_version=&#8221;4.6.1&#8243; _module_preset=&#8221;default&#8221;][et_pb_text ul_position=&#8221;inside&#8221; _builder_version=&#8221;4.6.1&#8243; _module_preset=&#8221;default&#8221; ul_font=&#8221;||||||||&#8221; ul_text_align=&#8221;left&#8221; ul_text_color=&#8221;#000000&#8243; custom_margin=&#8221;|||15px|false|false&#8221;]<\/p>\n<h5><strong>C\u00e1ritas <\/strong><\/h5>\n<ul>\n<li><strong>C\u00e1ritas acompa\u00f1a a 13.096 personas<\/strong><\/li>\n<\/ul>\n<ul>\n<li><strong><\/strong><strong>245 proyectos<\/strong><\/li>\n<li><strong>Junto a 1.922 personas voluntarias<\/strong><\/li>\n<li><strong>Con 5.248 personas socias y colaboradoras y 131 personas contratadas<\/strong><\/li>\n<\/ul>\n<p>[\/et_pb_text][\/et_pb_column][et_pb_column type=&#8221;1_4&#8243; _builder_version=&#8221;4.6.1&#8243; _module_preset=&#8221;default&#8221;][et_pb_text ul_position=&#8221;inside&#8221; _builder_version=&#8221;4.6.1&#8243; _module_preset=&#8221;default&#8221; ul_font=&#8221;||||||||&#8221; ul_text_align=&#8221;left&#8221; ul_text_color=&#8221;#000000&#8243;]<\/p>\n<h5><strong>Lagungo<\/strong><\/h5>\n<ul>\n<li><span style=\"color: #000000;\"><strong>Acompa\u00f1ando a 970 personas.<\/strong><\/span><\/li>\n<li><span style=\"color: #000000;\"><strong>Y a otras 500 en el programa especial COVID `Adi\u00b4<\/strong><\/span><\/li>\n<\/ul>\n<p>[\/et_pb_text][\/et_pb_column][et_pb_column type=&#8221;1_4&#8243; _builder_version=&#8221;4.6.1&#8243; _module_preset=&#8221;default&#8221;][et_pb_text ul_position=&#8221;inside&#8221; _builder_version=&#8221;4.6.1&#8243; _module_preset=&#8221;default&#8221; ul_font=&#8221;||||||||&#8221; ul_text_align=&#8221;left&#8221; ul_text_color=&#8221;#000000&#8243;]<\/p>\n<h5><strong>Gizakia<\/strong><\/h5>\n<ul>\n<li><span style=\"color: #000000;\"><strong>Atenci\u00f3n en 4 centros de Bizkaia y poblaci\u00f3n en general<\/strong><\/span><\/li>\n<li><span style=\"color: #000000;\"><strong>7.833 personas atendidas<\/strong><\/span><\/li>\n<li><span style=\"color: #000000;\"><strong>Apoyo de 87 personas colaboradoras y voluntarias<\/strong><\/span><\/li>\n<\/ul>\n<p>[\/et_pb_text][\/et_pb_column][et_pb_column type=&#8221;1_4&#8243; _builder_version=&#8221;4.6.1&#8243; _module_preset=&#8221;default&#8221;][et_pb_text ul_position=&#8221;inside&#8221; _builder_version=&#8221;4.6.1&#8243; _module_preset=&#8221;default&#8221; ul_font=&#8221;||||||||&#8221; ul_text_align=&#8221;left&#8221; ul_text_color=&#8221;#000000&#8243;]<\/p>\n<h5><strong>Gazteak<\/strong><\/h5>\n<ul>\n<li><span style=\"color: #000000;\"><strong>2095 neska-mutil eskaut taldeetan<\/strong><\/span><\/li>\n<li><span style=\"color: #000000;\"><strong>352 begiralegaz<\/strong><\/span><\/li>\n<li><span style=\"color: #000000;\"><strong>877 gazte Kristau Sarbidean<\/strong><\/span><\/li>\n<li><span style=\"color: #000000;\"><strong>190 begiralegaz<\/strong><\/span><\/li>\n<li><span style=\"color: #000000;\"><strong>470 j\u00f3venes en grupos de referencia<\/strong><\/span><\/li>\n<\/ul>\n<p>[\/et_pb_text][\/et_pb_column][\/et_pb_row][et_pb_row _builder_version=&#8221;4.6.1&#8243; _module_preset=&#8221;default&#8221; custom_margin=&#8221;4px|auto||auto||&#8221;][et_pb_column type=&#8221;4_4&#8243; _builder_version=&#8221;4.6.1&#8243; _module_preset=&#8221;default&#8221;][et_pb_button button_url=&#8221;https:\/\/diocesisdebilbao-my.sharepoint.com\/:b:\/g\/personal\/webbizkeliza_bizkeliza_org\/EY2M16gXVDZElNiYpwvQS1EB9V1U7umG8SP0YWk_RBWULw?e=mpQ8dm&#8221; url_new_window=&#8221;on&#8221; button_text=&#8221;2020ko Jarduera Txostenajaitsi (pdf)&#8221; _builder_version=&#8221;4.6.1&#8243; _module_preset=&#8221;default&#8221; hover_enabled=&#8221;0&#8243; sticky_enabled=&#8221;0&#8243;][\/et_pb_button][\/et_pb_column][\/et_pb_row][\/et_pb_section]<\/p>\n","protected":false},"excerpt":{"rendered":"<p>2020ko Jarduera TxostenaJarduera ekonomikoa<div class=\"visualizer-front-container\" id=\"chart_wrapper_visualizer-1220-1770890398\"><style type=\"text\/css\" name=\"visualizer-custom-css\" id=\"customcss-visualizer-1220\">.locker,.locker-loader{position:absolute;top:0;left:0;width:100%;height:100%}.locker{z-index:1000;opacity:.8;background-color:#fff;-ms-filter:\"progid:DXImageTransform.Microsoft.Alpha(Opacity=80)\";filter:alpha(opacity=80)}.locker-loader{z-index:1001;background:url(https:\/\/transparencia.bizkeliza.org\/wp-content\/plugins\/visualizer\/images\/ajax-loader.gif) no-repeat center center}.dt-button{display:none!important}.visualizer-front-container.visualizer-lazy-render{content-visibility: auto;}.google-visualization-controls-categoryfilter label.google-visualization-controls-label {vertical-align: middle;}.google-visualization-controls-categoryfilter li.goog-inline-block {margin: 0 0.2em;}.google-visualization-controls-categoryfilter li {padding: 0 0.2em;}.visualizer-front-container .dataTables_scrollHeadInner{margin: 0 auto;}<\/style><div id=\"visualizer-1220-1770890398\" class=\"visualizer-front  visualizer-front-1220\"><\/div><!-- Not showing structured data for chart 1220 because description is empty --><\/div><div class=\"visualizer-front-container\" id=\"chart_wrapper_visualizer-1230-1555700651\"><style type=\"text\/css\" name=\"visualizer-custom-css\" id=\"customcss-visualizer-1230\">.locker,.locker-loader{position:absolute;top:0;left:0;width:100%;height:100%}.locker{z-index:1000;opacity:.8;background-color:#fff;-ms-filter:\"progid:DXImageTransform.Microsoft.Alpha(Opacity=80)\";filter:alpha(opacity=80)}.locker-loader{z-index:1001;background:url(https:\/\/transparencia.bizkeliza.org\/wp-content\/plugins\/visualizer\/images\/ajax-loader.gif) no-repeat center center}.dt-button{display:none!important}.visualizer-front-container.visualizer-lazy-render{content-visibility: auto;}.google-visualization-controls-categoryfilter label.google-visualization-controls-label {vertical-align: middle;}.google-visualization-controls-categoryfilter li.goog-inline-block {margin: 0 0.2em;}.google-visualization-controls-categoryfilter li {padding: 0 0.2em;}.visualizer-front-container .dataTables_scrollHeadInner{margin: 0 auto;}<\/style><div id=\"visualizer-1230-1555700651\" class=\"visualizer-front  visualizer-front-1230\"><\/div><!-- Not showing structured data for chart 1230 because description is empty --><\/div>Eleizea etxe zabala daNuestra familia es abierta y por eso cuida la acogida de los que se acercan buscando calor de hogar. Contigo y con muchos otros queremos cuidar la relaci\u00f3n mutua, la escucha, el esp\u00edritu de comuni\u00f3n, que no es solo mera tolerancia o respeto. [&hellip;]<\/p>\n","protected":false},"author":1,"featured_media":0,"parent":0,"menu_order":0,"comment_status":"closed","ping_status":"closed","template":"","meta":{"_acf_changed":false,"_et_pb_use_builder":"on","_et_pb_old_content":"","_et_gb_content_width":"","footnotes":""},"class_list":["post-1289","page","type-page","status-publish","hentry"],"acf":[],"yoast_head":"<!-- This site is optimized with the Yoast SEO plugin v27.4 - https:\/\/yoast.com\/product\/yoast-seo-wordpress\/ -->\n<title>2020ko Jarduera Txostena - Portal Transparencia Obispado de Bilbao<\/title>\n<meta name=\"robots\" content=\"index, follow, max-snippet:-1, max-image-preview:large, max-video-preview:-1\" \/>\n<link rel=\"canonical\" href=\"https:\/\/transparencia.bizkeliza.org\/eu\/2020ko-jarduera-txostena\/\" \/>\n<meta property=\"og:locale\" content=\"eu_ES\" \/>\n<meta property=\"og:type\" content=\"article\" \/>\n<meta property=\"og:title\" content=\"2020ko Jarduera Txostena - Portal Transparencia Obispado de Bilbao\" \/>\n<meta property=\"og:description\" content=\"2020ko Jarduera TxostenaJarduera ekonomikoaEleizea etxe zabala daNuestra familia es abierta y por eso cuida la acogida de los que se acercan buscando calor de hogar. Contigo y con muchos otros queremos cuidar la relaci\u00f3n mutua, la escucha, el esp\u00edritu de comuni\u00f3n, que no es solo mera tolerancia o respeto. [&hellip;]\" \/>\n<meta property=\"og:url\" content=\"https:\/\/transparencia.bizkeliza.org\/eu\/2020ko-jarduera-txostena\/\" \/>\n<meta property=\"og:site_name\" content=\"Portal Transparencia Obispado de Bilbao\" \/>\n<meta property=\"article:modified_time\" content=\"2022-04-28T09:44:59+00:00\" \/>\n<meta name=\"twitter:card\" content=\"summary_large_image\" \/>\n<meta name=\"twitter:label1\" content=\"Est. reading time\" \/>\n\t<meta name=\"twitter:data1\" content=\"11 minutes\" \/>\n<script type=\"application\/ld+json\" class=\"yoast-schema-graph\">{\"@context\":\"https:\\\/\\\/schema.org\",\"@graph\":[{\"@type\":\"WebPage\",\"@id\":\"https:\\\/\\\/transparencia.bizkeliza.org\\\/eu\\\/2020ko-jarduera-txostena\\\/\",\"url\":\"https:\\\/\\\/transparencia.bizkeliza.org\\\/eu\\\/2020ko-jarduera-txostena\\\/\",\"name\":\"2020ko Jarduera Txostena - Portal Transparencia Obispado de Bilbao\",\"isPartOf\":{\"@id\":\"https:\\\/\\\/transparencia.bizkeliza.org\\\/#website\"},\"datePublished\":\"2021-10-29T07:33:54+00:00\",\"dateModified\":\"2022-04-28T09:44:59+00:00\",\"breadcrumb\":{\"@id\":\"https:\\\/\\\/transparencia.bizkeliza.org\\\/eu\\\/2020ko-jarduera-txostena\\\/#breadcrumb\"},\"inLanguage\":\"eu-ES\",\"potentialAction\":[{\"@type\":\"ReadAction\",\"target\":[\"https:\\\/\\\/transparencia.bizkeliza.org\\\/eu\\\/2020ko-jarduera-txostena\\\/\"]}]},{\"@type\":\"BreadcrumbList\",\"@id\":\"https:\\\/\\\/transparencia.bizkeliza.org\\\/eu\\\/2020ko-jarduera-txostena\\\/#breadcrumb\",\"itemListElement\":[{\"@type\":\"ListItem\",\"position\":1,\"name\":\"Portada\",\"item\":\"https:\\\/\\\/transparencia.bizkeliza.org\\\/\"},{\"@type\":\"ListItem\",\"position\":2,\"name\":\"2020ko Jarduera Txostena\"}]},{\"@type\":\"WebSite\",\"@id\":\"https:\\\/\\\/transparencia.bizkeliza.org\\\/#website\",\"url\":\"https:\\\/\\\/transparencia.bizkeliza.org\\\/\",\"name\":\"Portal Transparencia Obispado de Bilbao\",\"description\":\"Portal de transparencia del Obispado de Bilbao\",\"potentialAction\":[{\"@type\":\"SearchAction\",\"target\":{\"@type\":\"EntryPoint\",\"urlTemplate\":\"https:\\\/\\\/transparencia.bizkeliza.org\\\/?s={search_term_string}\"},\"query-input\":{\"@type\":\"PropertyValueSpecification\",\"valueRequired\":true,\"valueName\":\"search_term_string\"}}],\"inLanguage\":\"eu-ES\"}]}<\/script>\n<!-- \/ Yoast SEO plugin. -->","yoast_head_json":{"title":"2020ko Jarduera Txostena - Portal Transparencia Obispado de Bilbao","robots":{"index":"index","follow":"follow","max-snippet":"max-snippet:-1","max-image-preview":"max-image-preview:large","max-video-preview":"max-video-preview:-1"},"canonical":"https:\/\/transparencia.bizkeliza.org\/eu\/2020ko-jarduera-txostena\/","og_locale":"eu_ES","og_type":"article","og_title":"2020ko Jarduera Txostena - Portal Transparencia Obispado de Bilbao","og_description":"2020ko Jarduera TxostenaJarduera ekonomikoaEleizea etxe zabala daNuestra familia es abierta y por eso cuida la acogida de los que se acercan buscando calor de hogar. Contigo y con muchos otros queremos cuidar la relaci\u00f3n mutua, la escucha, el esp\u00edritu de comuni\u00f3n, que no es solo mera tolerancia o respeto. [&hellip;]","og_url":"https:\/\/transparencia.bizkeliza.org\/eu\/2020ko-jarduera-txostena\/","og_site_name":"Portal Transparencia Obispado de Bilbao","article_modified_time":"2022-04-28T09:44:59+00:00","twitter_card":"summary_large_image","twitter_misc":{"Est. reading time":"11 minutes"},"schema":{"@context":"https:\/\/schema.org","@graph":[{"@type":"WebPage","@id":"https:\/\/transparencia.bizkeliza.org\/eu\/2020ko-jarduera-txostena\/","url":"https:\/\/transparencia.bizkeliza.org\/eu\/2020ko-jarduera-txostena\/","name":"2020ko Jarduera Txostena - Portal Transparencia Obispado de Bilbao","isPartOf":{"@id":"https:\/\/transparencia.bizkeliza.org\/#website"},"datePublished":"2021-10-29T07:33:54+00:00","dateModified":"2022-04-28T09:44:59+00:00","breadcrumb":{"@id":"https:\/\/transparencia.bizkeliza.org\/eu\/2020ko-jarduera-txostena\/#breadcrumb"},"inLanguage":"eu-ES","potentialAction":[{"@type":"ReadAction","target":["https:\/\/transparencia.bizkeliza.org\/eu\/2020ko-jarduera-txostena\/"]}]},{"@type":"BreadcrumbList","@id":"https:\/\/transparencia.bizkeliza.org\/eu\/2020ko-jarduera-txostena\/#breadcrumb","itemListElement":[{"@type":"ListItem","position":1,"name":"Portada","item":"https:\/\/transparencia.bizkeliza.org\/"},{"@type":"ListItem","position":2,"name":"2020ko Jarduera Txostena"}]},{"@type":"WebSite","@id":"https:\/\/transparencia.bizkeliza.org\/#website","url":"https:\/\/transparencia.bizkeliza.org\/","name":"Portal Transparencia Obispado de Bilbao","description":"Portal de transparencia del Obispado de Bilbao","potentialAction":[{"@type":"SearchAction","target":{"@type":"EntryPoint","urlTemplate":"https:\/\/transparencia.bizkeliza.org\/?s={search_term_string}"},"query-input":{"@type":"PropertyValueSpecification","valueRequired":true,"valueName":"search_term_string"}}],"inLanguage":"eu-ES"}]}},"_links":{"self":[{"href":"https:\/\/transparencia.bizkeliza.org\/eu\/wp-json\/wp\/v2\/pages\/1289","targetHints":{"allow":["GET"]}}],"collection":[{"href":"https:\/\/transparencia.bizkeliza.org\/eu\/wp-json\/wp\/v2\/pages"}],"about":[{"href":"https:\/\/transparencia.bizkeliza.org\/eu\/wp-json\/wp\/v2\/types\/page"}],"author":[{"embeddable":true,"href":"https:\/\/transparencia.bizkeliza.org\/eu\/wp-json\/wp\/v2\/users\/1"}],"replies":[{"embeddable":true,"href":"https:\/\/transparencia.bizkeliza.org\/eu\/wp-json\/wp\/v2\/comments?post=1289"}],"version-history":[{"count":0,"href":"https:\/\/transparencia.bizkeliza.org\/eu\/wp-json\/wp\/v2\/pages\/1289\/revisions"}],"wp:attachment":[{"href":"https:\/\/transparencia.bizkeliza.org\/eu\/wp-json\/wp\/v2\/media?parent=1289"}],"curies":[{"name":"wp","href":"https:\/\/api.w.org\/{rel}","templated":true}]}}